{"id":927,"date":"2019-05-28T10:18:57","date_gmt":"2019-05-28T08:18:57","guid":{"rendered":"http:\/\/www.mvbreitenau.at\/v2\/?page_id=927"},"modified":"2020-02-07T09:06:16","modified_gmt":"2020-02-07T08:06:16","slug":"chronik","status":"publish","type":"page","link":"http:\/\/www.mvbreitenau.at\/v2\/?page_id=927","title":{"rendered":"Chronik"},"content":{"rendered":"\t\t<div data-elementor-type=\"wp-post\" data-elementor-id=\"927\" class=\"elementor elementor-927\">\n\t\t\t\t\t\t<section class=\"elementor-section elementor-top-section elementor-element elementor-element-ffee472 elementor-section-boxed elementor-section-height-default elementor-section-height-default\" data-id=\"ffee472\" data-element_type=\"section\" data-e-type=\"section\">\n\t\t\t\t\t\t<div class=\"elementor-container elementor-column-gap-default\">\n\t\t\t\t\t<div class=\"elementor-column elementor-col-100 elementor-top-column elementor-element elementor-element-7100e39\" data-id=\"7100e39\" data-element_type=\"column\" data-e-type=\"column\">\n\t\t\t<div class=\"elementor-widget-wrap elementor-element-populated\">\n\t\t\t\t\t\t<div class=\"elementor-element elementor-element-2276f15 elementor-widget elementor-widget-spacer\" data-id=\"2276f15\" data-element_type=\"widget\" data-e-type=\"widget\" data-widget_type=\"spacer.default\">\n\t\t\t\t<div class=\"elementor-widget-container\">\n\t\t\t\t\t\t\t<div class=\"elementor-spacer\">\n\t\t\t<div class=\"elementor-spacer-inner\"><\/div>\n\t\t<\/div>\n\t\t\t\t\t\t<\/div>\n\t\t\t\t<\/div>\n\t\t\t\t\t<\/div>\n\t\t<\/div>\n\t\t\t\t\t<\/div>\n\t\t<\/section>\n\t\t\t\t<section class=\"elementor-section elementor-top-section elementor-element elementor-element-b60b5c8 elementor-section-full_width elementor-section-height-default elementor-section-height-default\" data-id=\"b60b5c8\" data-element_type=\"section\" data-e-type=\"section\">\n\t\t\t\t\t\t<div class=\"elementor-container elementor-column-gap-no\">\n\t\t\t\t\t<div class=\"elementor-column elementor-col-100 elementor-top-column elementor-element elementor-element-3f12647\" data-id=\"3f12647\" data-element_type=\"column\" data-e-type=\"column\">\n\t\t\t<div class=\"elementor-widget-wrap elementor-element-populated\">\n\t\t\t\t\t\t<div class=\"elementor-element elementor-element-a3dbec5 elementor-arrows-position-inside elementor-pagination-position-outside elementor-widget elementor-widget-image-carousel\" data-id=\"a3dbec5\" data-element_type=\"widget\" data-e-type=\"widget\" data-settings=\"{&quot;slides_to_show&quot;:&quot;1&quot;,&quot;navigation&quot;:&quot;both&quot;,&quot;autoplay&quot;:&quot;yes&quot;,&quot;pause_on_hover&quot;:&quot;yes&quot;,&quot;pause_on_interaction&quot;:&quot;yes&quot;,&quot;autoplay_speed&quot;:5000,&quot;infinite&quot;:&quot;yes&quot;,&quot;effect&quot;:&quot;slide&quot;,&quot;speed&quot;:500}\" data-widget_type=\"image-carousel.default\">\n\t\t\t\t<div class=\"elementor-widget-container\">\n\t\t\t\t\t\t\t<div class=\"elementor-image-carousel-wrapper swiper\" role=\"region\" aria-roledescription=\"carousel\" aria-label=\"Bild Karussell\" dir=\"ltr\">\n\t\t\t<div class=\"elementor-image-carousel swiper-wrapper swiper-image-stretch\" aria-live=\"off\">\n\t\t\t\t\t\t\t\t<div class=\"swiper-slide\" role=\"group\" aria-roledescription=\"slide\" aria-label=\"1 von 1\"><figure class=\"swiper-slide-inner\"><img decoding=\"async\" class=\"swiper-slide-image\" src=\"http:\/\/www.mvbreitenau.at\/v2\/wp-content\/uploads\/2019\/05\/6.jpg\" alt=\"6\" \/><\/figure><\/div>\t\t\t<\/div>\n\t\t\t\t\t<\/div>\n\t\t\t\t\t\t<\/div>\n\t\t\t\t<\/div>\n\t\t\t\t\t<\/div>\n\t\t<\/div>\n\t\t\t\t\t<\/div>\n\t\t<\/section>\n\t\t\t\t<section class=\"elementor-section elementor-top-section elementor-element elementor-element-5079046 elementor-section-boxed elementor-section-height-default elementor-section-height-default\" data-id=\"5079046\" data-element_type=\"section\" data-e-type=\"section\">\n\t\t\t\t\t\t<div class=\"elementor-container elementor-column-gap-default\">\n\t\t\t\t\t<div class=\"elementor-column elementor-col-100 elementor-top-column elementor-element elementor-element-f39c8a8\" data-id=\"f39c8a8\" data-element_type=\"column\" data-e-type=\"column\">\n\t\t\t<div class=\"elementor-widget-wrap elementor-element-populated\">\n\t\t\t\t\t\t<div class=\"elementor-element elementor-element-267c670 elementor-widget elementor-widget-heading\" data-id=\"267c670\" data-element_type=\"widget\" data-e-type=\"widget\" data-widget_type=\"heading.default\">\n\t\t\t\t<div class=\"elementor-widget-container\">\n\t\t\t\t\t<h2 class=\"elementor-heading-title elementor-size-large\">Chronik - Der Beginn\u200b<\/h2>\t\t\t\t<\/div>\n\t\t\t\t<\/div>\n\t\t\t\t\t<\/div>\n\t\t<\/div>\n\t\t\t\t\t<\/div>\n\t\t<\/section>\n\t\t\t\t<section class=\"elementor-section elementor-top-section elementor-element elementor-element-b19cba7 elementor-section-boxed elementor-section-height-default elementor-section-height-default\" data-id=\"b19cba7\" data-element_type=\"section\" data-e-type=\"section\">\n\t\t\t\t\t\t<div class=\"elementor-container elementor-column-gap-default\">\n\t\t\t\t\t<div class=\"elementor-column elementor-col-100 elementor-top-column elementor-element elementor-element-f2b90c0\" data-id=\"f2b90c0\" data-element_type=\"column\" data-e-type=\"column\">\n\t\t\t<div class=\"elementor-widget-wrap elementor-element-populated\">\n\t\t\t\t\t\t<div class=\"elementor-element elementor-element-20a4e2c elementor-widget elementor-widget-text-editor\" data-id=\"20a4e2c\" data-element_type=\"widget\" data-e-type=\"widget\" data-widget_type=\"text-editor.default\">\n\t\t\t\t<div class=\"elementor-widget-container\">\n\t\t\t\t\t\t\t\t\t<p>Als im Jahre 1923 die Gr\u00fcndungsversammlung des Musikvereins Breitenau (MVB) stattfand, war das wohl die Geburtsstunde des Musikvereins, aber nicht der Beginn musikalischer T\u00e4tigkeit in Breitenau. Schon 25 Jahre zuvor, im Jahre 1898, gr\u00fcndeten einige musikliebende und musikaus\u00fcbende M\u00e4nner in Breitenau eine Feuerwehrkapelle. Bei der Gr\u00fcndung z\u00e4hlte diese Kapelle acht Mann, die da waren: Johann Hermann (Es-Klarinette), Johann Fenz (B-Klarinette), Anton Br\u00fcnner Fl\u00fcgelhorn), Josef Mauser (Es-Trompete), Johann Menschik (F-Bass), Karl Eichinger (Fl\u00fcgelhorn), Franz Spies (B-Bass) und Julius Spies (Bassfl\u00fcgelhorn und Kapellmeister).<\/p><p>Diese honorigen Herren \u00fcbten und probten regelm\u00e4\u00dfig und besorgten die Musik, zun\u00e4chst bei allen Veranstaltungen der Freiwilligen Feuerwehr, sp\u00e4ter aber auch bei \u00f6ffentlichen und kirchlichen Anl\u00e4ssen. Das erste jemals von einer \u201eoffiziellen\u201c Musikkapelle aus Breitenau gespielte St\u00fcck war der \u201eAchtung-Marsch\u201c.<\/p><p>Aus einem Bericht jener Tage, als Breitenau noch viele Weing\u00e4rten hatte, die anfangs der 1890-er Jahre durch das Auftreten der Reblaus und anderer Parasiten zerst\u00f6rt wurden, geht hervor, dass damals im Gasthaus gegen\u00fcber der Schule volkst\u00fcmliche Weinlesefeste abgehalten wurden. \u201eDer f\u00fcr dieses Fest gew\u00e4hlte B\u00fcrgermeister zog schon am Nachmittag unter Vorantritt der Ortskapelle in das Festlokal ein\u201c, hei\u00dft es w\u00f6rtlich in diesem Bericht. Daraus ergibt sich, dass alle festlichen Veranstaltungen im Ort mit Musik versorgt und Volksmusik in Breitenau schon seit fr\u00fcher Zeit ge\u00fcbt und gesch\u00e4tzt wurde.<br \/>Der Ausbruch des ersten Weltkriegs setzte diesem musikalischen Wirken ein vorl\u00e4ufiges Ende. Die Wirren des Krieges und der Nachkriegszeit verhinderten zuerst eine Vereinigung der aus dem Kriege heimgekehrten Musiker.<\/p>\t\t\t\t\t\t\t\t<\/div>\n\t\t\t\t<\/div>\n\t\t\t\t\t<\/div>\n\t\t<\/div>\n\t\t\t\t\t<\/div>\n\t\t<\/section>\n\t\t\t\t<section class=\"elementor-section elementor-top-section elementor-element elementor-element-baaa0aa elementor-section-boxed elementor-section-height-default elementor-section-height-default\" data-id=\"baaa0aa\" data-element_type=\"section\" data-e-type=\"section\">\n\t\t\t\t\t\t<div class=\"elementor-container elementor-column-gap-default\">\n\t\t\t\t\t<div class=\"elementor-column elementor-col-100 elementor-top-column elementor-element elementor-element-474108e\" data-id=\"474108e\" data-element_type=\"column\" data-e-type=\"column\">\n\t\t\t<div class=\"elementor-widget-wrap elementor-element-populated\">\n\t\t\t\t\t\t<div class=\"elementor-element elementor-element-445c877 elementor-widget elementor-widget-heading\" data-id=\"445c877\" data-element_type=\"widget\" data-e-type=\"widget\" data-widget_type=\"heading.default\">\n\t\t\t\t<div class=\"elementor-widget-container\">\n\t\t\t\t\t<h2 class=\"elementor-heading-title elementor-size-default\">Chronik \u2013 1923: Die Geburtsstunde und die wackeren Zwanzig\u2026<\/h2>\t\t\t\t<\/div>\n\t\t\t\t<\/div>\n\t\t\t\t\t<\/div>\n\t\t<\/div>\n\t\t\t\t\t<\/div>\n\t\t<\/section>\n\t\t\t\t<section class=\"elementor-section elementor-top-section elementor-element elementor-element-aa397c8 elementor-section-boxed elementor-section-height-default elementor-section-height-default\" data-id=\"aa397c8\" data-element_type=\"section\" data-e-type=\"section\">\n\t\t\t\t\t\t<div class=\"elementor-container elementor-column-gap-default\">\n\t\t\t\t\t<div class=\"elementor-column elementor-col-100 elementor-top-column elementor-element elementor-element-a576aef\" data-id=\"a576aef\" data-element_type=\"column\" data-e-type=\"column\">\n\t\t\t<div class=\"elementor-widget-wrap elementor-element-populated\">\n\t\t\t\t\t\t<div class=\"elementor-element elementor-element-7686eef elementor-widget elementor-widget-text-editor\" data-id=\"7686eef\" data-element_type=\"widget\" data-e-type=\"widget\" data-widget_type=\"text-editor.default\">\n\t\t\t\t<div class=\"elementor-widget-container\">\n\t\t\t\t\t\t\t\t\t<p>Erst am 21. J\u00e4nner 1923 erfolgte die Neugr\u00fcndung des MVB. Erster Obmann des von 20 Musikern gegr\u00fcndeten Vereins war Karl Spies, erster Kapellmeister Franz Weiner. Die erste Uniform des Vereins war die Traditionsuniform der alten Deutschmeister.<\/p><p>Die wackeren 20 waren: aus Breitenau Karl Spies, Franz Spies, Johann Windbacher, Johann Hermann, Franz Berger, Anton Br\u00fcnner, Johann Menschik, Josef Staudenhirz und Eduard Fuczek; aus Schwarzau Franz Weiner, Johann Dressler und Karl Streng; aus Peisching Franz Teix, Josef Johann sen. und Josef Johann jun.; aus Pitten Franz Schnabl, Gustl Schnabl, Johann Devath und Mathias Trenker; aus Seebenstein Johann Ries.<\/p>\t\t\t\t\t\t\t\t<\/div>\n\t\t\t\t<\/div>\n\t\t\t\t\t<\/div>\n\t\t<\/div>\n\t\t\t\t\t<\/div>\n\t\t<\/section>\n\t\t\t\t<section class=\"elementor-section elementor-top-section elementor-element elementor-element-3ebb7bc elementor-section-boxed elementor-section-height-default elementor-section-height-default\" data-id=\"3ebb7bc\" data-element_type=\"section\" data-e-type=\"section\">\n\t\t\t\t\t\t<div class=\"elementor-container elementor-column-gap-default\">\n\t\t\t\t\t<div class=\"elementor-column elementor-col-100 elementor-top-column elementor-element elementor-element-e24c4ee\" data-id=\"e24c4ee\" data-element_type=\"column\" data-e-type=\"column\">\n\t\t\t<div class=\"elementor-widget-wrap elementor-element-populated\">\n\t\t\t\t\t\t<div class=\"elementor-element elementor-element-ffb5dc4 elementor-widget elementor-widget-image\" data-id=\"ffb5dc4\" data-element_type=\"widget\" data-e-type=\"widget\" data-widget_type=\"image.default\">\n\t\t\t\t<div class=\"elementor-widget-container\">\n\t\t\t\t\t\t\t\t\t\t\t\t\t\t\t<img fetchpriority=\"high\" decoding=\"async\" width=\"768\" height=\"372\" src=\"http:\/\/www.mvbreitenau.at\/v2\/wp-content\/uploads\/2019\/05\/2-1-768x372.jpg\" class=\"attachment-medium_large size-medium_large wp-image-957\" alt=\"\" srcset=\"http:\/\/www.mvbreitenau.at\/v2\/wp-content\/uploads\/2019\/05\/2-1-768x372.jpg 768w, http:\/\/www.mvbreitenau.at\/v2\/wp-content\/uploads\/2019\/05\/2-1-300x145.jpg 300w, http:\/\/www.mvbreitenau.at\/v2\/wp-content\/uploads\/2019\/05\/2-1.jpg 1024w\" sizes=\"(max-width: 768px) 100vw, 768px\" \/>\t\t\t\t\t\t\t\t\t\t\t\t\t\t\t<\/div>\n\t\t\t\t<\/div>\n\t\t\t\t\t<\/div>\n\t\t<\/div>\n\t\t\t\t\t<\/div>\n\t\t<\/section>\n\t\t\t\t<section class=\"elementor-section elementor-top-section elementor-element elementor-element-3efd073 elementor-section-boxed elementor-section-height-default elementor-section-height-default\" data-id=\"3efd073\" data-element_type=\"section\" data-e-type=\"section\">\n\t\t\t\t\t\t<div class=\"elementor-container elementor-column-gap-default\">\n\t\t\t\t\t<div class=\"elementor-column elementor-col-100 elementor-top-column elementor-element elementor-element-0800f00\" data-id=\"0800f00\" data-element_type=\"column\" data-e-type=\"column\">\n\t\t\t<div class=\"elementor-widget-wrap elementor-element-populated\">\n\t\t\t\t\t\t<div class=\"elementor-element elementor-element-76f4768 elementor-widget elementor-widget-text-editor\" data-id=\"76f4768\" data-element_type=\"widget\" data-e-type=\"widget\" data-widget_type=\"text-editor.default\">\n\t\t\t\t<div class=\"elementor-widget-container\">\n\t\t\t\t\t\t\t\t\t<p>Der Verein besorgte bei allen \u00f6ffentlichen und kirchlichen Anl\u00e4ssen in den Gemeinden Breitenau und Schwarzau die jeweils notwendige Musik, spielte zum Tanz auf und gab manchen Dahingeschiedenen ein letztes musikalisches Geleit.<\/p><p>Au\u00dfer Marsch- und Tanzmusik wurde auch Konzertmusik gepflegt sowohl f\u00fcr Blasmusik als auch f\u00fcr Streichorchester. Die musikalische Leistung stieg mit den Jahren des Vereinsbestandes und manches gut gelungene Konzert konnte den Breitenauern zu Geh\u00f6r gebracht werden.<\/p>\t\t\t\t\t\t\t\t<\/div>\n\t\t\t\t<\/div>\n\t\t\t\t\t<\/div>\n\t\t<\/div>\n\t\t\t\t\t<\/div>\n\t\t<\/section>\n\t\t\t\t<section class=\"elementor-section elementor-top-section elementor-element elementor-element-e262542 elementor-section-boxed elementor-section-height-default elementor-section-height-default\" data-id=\"e262542\" data-element_type=\"section\" data-e-type=\"section\">\n\t\t\t\t\t\t<div class=\"elementor-container elementor-column-gap-default\">\n\t\t\t\t\t<div class=\"elementor-column elementor-col-100 elementor-top-column elementor-element elementor-element-1c537ab\" data-id=\"1c537ab\" data-element_type=\"column\" data-e-type=\"column\">\n\t\t\t<div class=\"elementor-widget-wrap elementor-element-populated\">\n\t\t\t\t\t\t<div class=\"elementor-element elementor-element-240eb5b elementor-widget elementor-widget-heading\" data-id=\"240eb5b\" data-element_type=\"widget\" data-e-type=\"widget\" data-widget_type=\"heading.default\">\n\t\t\t\t<div class=\"elementor-widget-container\">\n\t\t\t\t\t<h2 class=\"elementor-heading-title elementor-size-default\">Chronik \u2013 1938: Die Kriegsjahre 1938 bis 1945<\/h2>\t\t\t\t<\/div>\n\t\t\t\t<\/div>\n\t\t\t\t\t<\/div>\n\t\t<\/div>\n\t\t\t\t\t<\/div>\n\t\t<\/section>\n\t\t\t\t<section class=\"elementor-section elementor-top-section elementor-element elementor-element-c85643a elementor-section-boxed elementor-section-height-default elementor-section-height-default\" data-id=\"c85643a\" data-element_type=\"section\" data-e-type=\"section\">\n\t\t\t\t\t\t<div class=\"elementor-container elementor-column-gap-default\">\n\t\t\t\t\t<div class=\"elementor-column elementor-col-100 elementor-top-column elementor-element elementor-element-bf7f718\" data-id=\"bf7f718\" data-element_type=\"column\" data-e-type=\"column\">\n\t\t\t<div class=\"elementor-widget-wrap elementor-element-populated\">\n\t\t\t\t\t\t<div class=\"elementor-element elementor-element-e139cf2 elementor-widget elementor-widget-text-editor\" data-id=\"e139cf2\" data-element_type=\"widget\" data-e-type=\"widget\" data-widget_type=\"text-editor.default\">\n\t\t\t\t<div class=\"elementor-widget-container\">\n\t\t\t\t\t\t\t\t\t<p>Ein unbeachtetes Kapitel der Geschichte des MVB betrifft sein Wirken in den Jahren der Nazi-Herrschaft \u00fcber das, was bis 1938 \u00d6sterreich gehei\u00dfen hatte. Auch nach dem Anschluss \u00d6sterreichs an das Hitler-Reich bestand der MVB im Prinzip weiter. Entsprechend dem Geist jener Tage wurde der Verein jedoch in eine sogenannte SA-Kapelle \u201eumgetauft\u201c, auch wenn der Begriff der \u201eTaufe\u201c f\u00fcr die zutiefst unchristliche Lebensanschauung der Nazis h\u00f6chst unpassend erscheint.<\/p><p>Viel ist \u00fcber jene Tage und Jahre, in denen der MVB als SA-Kapelle Breitenau auftrat nicht mehr bekannt. Die Aufzeichnungen \u00fcber diese Zeit sind kurz vor Kriegsende gr\u00fcndlich aus allen Unterlagen des MVB entfernt, die Seiten aus dem Protokollbuch beispielsweise penibel herausgerissen worden. Dennoch schilderten Zeitgenossen, wie der sp\u00e4tere Breitenauer B\u00fcrgermeister und MVB-Musiker Karl Blach in seinen in Buchform gebrachten \u201eLebenserinnerungen\u201c, wie als SA-Kapelle etwa ein Konzert f\u00fcr Kriegsverwundete am Semmering abgehalten wurde.<\/p><p>Dies war jedoch nur bis etwa 1941 m\u00f6glich, da ab dann auch die im \u201eZivilleben\u201c verbliebenen Musiker zu den Waffen gerufen wurden. Erst dann musste die aktive Musikaus\u00fcbung in Breitenau endg\u00fcltig hinter die Interessen des Nazi-Regimes zur\u00fcckstecken.<\/p>\t\t\t\t\t\t\t\t<\/div>\n\t\t\t\t<\/div>\n\t\t\t\t\t<\/div>\n\t\t<\/div>\n\t\t\t\t\t<\/div>\n\t\t<\/section>\n\t\t\t\t<section class=\"elementor-section elementor-top-section elementor-element elementor-element-fdff92d elementor-section-boxed elementor-section-height-default elementor-section-height-default\" data-id=\"fdff92d\" data-element_type=\"section\" data-e-type=\"section\">\n\t\t\t\t\t\t<div class=\"elementor-container elementor-column-gap-default\">\n\t\t\t\t\t<div class=\"elementor-column elementor-col-100 elementor-top-column elementor-element elementor-element-de7ef6d\" data-id=\"de7ef6d\" data-element_type=\"column\" data-e-type=\"column\">\n\t\t\t<div class=\"elementor-widget-wrap elementor-element-populated\">\n\t\t\t\t\t\t<div class=\"elementor-element elementor-element-ef9c0c1 elementor-widget elementor-widget-heading\" data-id=\"ef9c0c1\" data-element_type=\"widget\" data-e-type=\"widget\" data-widget_type=\"heading.default\">\n\t\t\t\t<div class=\"elementor-widget-container\">\n\t\t\t\t\t<h2 class=\"elementor-heading-title elementor-size-default\">Chronik \u2013 Die Stunde Null im Jahr 1946<\/h2>\t\t\t\t<\/div>\n\t\t\t\t<\/div>\n\t\t\t\t\t<\/div>\n\t\t<\/div>\n\t\t\t\t\t<\/div>\n\t\t<\/section>\n\t\t\t\t<section class=\"elementor-section elementor-top-section elementor-element elementor-element-ffe1b5f elementor-section-boxed elementor-section-height-default elementor-section-height-default\" data-id=\"ffe1b5f\" data-element_type=\"section\" data-e-type=\"section\">\n\t\t\t\t\t\t<div class=\"elementor-container elementor-column-gap-default\">\n\t\t\t\t\t<div class=\"elementor-column elementor-col-100 elementor-top-column elementor-element elementor-element-0231365\" data-id=\"0231365\" data-element_type=\"column\" data-e-type=\"column\">\n\t\t\t<div class=\"elementor-widget-wrap elementor-element-populated\">\n\t\t\t\t\t\t<div class=\"elementor-element elementor-element-e80a302 elementor-widget elementor-widget-text-editor\" data-id=\"e80a302\" data-element_type=\"widget\" data-e-type=\"widget\" data-widget_type=\"text-editor.default\">\n\t\t\t\t<div class=\"elementor-widget-container\">\n\t\t\t\t\t\t\t\t\t<p>In der Geschichte der Menschheit hat noch jeder Krieg sein Ende gefunden, auch dem Zweiten Weltkrieg erging es- gottseidank \u2013 nicht anders. So war es nur nat\u00fcrlich, dass sich nach Kriegsende und nach der Heimkehr aus der Gefangenschaft einige Musiker zusammenfanden um den MVB im September 1946 mit 16 aus\u00fcbenden Mitgliedern wiederzuerwecken. Der Wiederbeginn in dieser Zeit der Not, in der es an allem mangelte, war nicht leicht. Ein Gro\u00dfteil der Instrumente war verschleppt oder von der Besatzungsmacht beschlagnahmt worden. Die Uniformen waren aus Angst vor den Besatzern, denen jede Uniform verd\u00e4chtig war, verschwunden. Das Notenmaterial war zum Teil zerst\u00f6rt und soweit es noch zustandegebracht werden konnte, in arg verwahrlostem Zustand.<\/p><p>Aber die Liebe zur Musik, das Verlangen der Bev\u00f6lkerung, nach langen, trostlosen Kriegsjahren wieder orts\u00fcbliche gute Musik zu h\u00f6ren, gaben Ansporn und Mut, trotz aller Widrigkeiten die Vereinst\u00e4tigkeit wieder aufzunehmen.<\/p>\t\t\t\t\t\t\t\t<\/div>\n\t\t\t\t<\/div>\n\t\t\t\t\t<\/div>\n\t\t<\/div>\n\t\t\t\t\t<\/div>\n\t\t<\/section>\n\t\t\t\t<section class=\"elementor-section elementor-top-section elementor-element elementor-element-8799f09 elementor-section-boxed elementor-section-height-default elementor-section-height-default\" data-id=\"8799f09\" data-element_type=\"section\" data-e-type=\"section\">\n\t\t\t\t\t\t<div class=\"elementor-container elementor-column-gap-default\">\n\t\t\t\t\t<div class=\"elementor-column elementor-col-100 elementor-top-column elementor-element elementor-element-d6046b1\" data-id=\"d6046b1\" data-element_type=\"column\" data-e-type=\"column\">\n\t\t\t<div class=\"elementor-widget-wrap elementor-element-populated\">\n\t\t\t\t\t\t<div class=\"elementor-element elementor-element-6dbadc7 elementor-widget elementor-widget-heading\" data-id=\"6dbadc7\" data-element_type=\"widget\" data-e-type=\"widget\" data-widget_type=\"heading.default\">\n\t\t\t\t<div class=\"elementor-widget-container\">\n\t\t\t\t\t<h2 class=\"elementor-heading-title elementor-size-default\">Chronik \u2013 1948: Von der Suche nach einem neuen Selbst\u2026<\/h2>\t\t\t\t<\/div>\n\t\t\t\t<\/div>\n\t\t\t\t\t<\/div>\n\t\t<\/div>\n\t\t\t\t\t<\/div>\n\t\t<\/section>\n\t\t\t\t<section class=\"elementor-section elementor-top-section elementor-element elementor-element-6bc2b5b elementor-section-boxed elementor-section-height-default elementor-section-height-default\" data-id=\"6bc2b5b\" data-element_type=\"section\" data-e-type=\"section\">\n\t\t\t\t\t\t<div class=\"elementor-container elementor-column-gap-default\">\n\t\t\t\t\t<div class=\"elementor-column elementor-col-100 elementor-top-column elementor-element elementor-element-e8f4a87\" data-id=\"e8f4a87\" data-element_type=\"column\" data-e-type=\"column\">\n\t\t\t<div class=\"elementor-widget-wrap elementor-element-populated\">\n\t\t\t\t\t\t<div class=\"elementor-element elementor-element-a1ddf04 elementor-widget elementor-widget-text-editor\" data-id=\"a1ddf04\" data-element_type=\"widget\" data-e-type=\"widget\" data-widget_type=\"text-editor.default\">\n\t\t\t\t<div class=\"elementor-widget-container\">\n\t\t\t\t\t\t\t\t\t<p>Als der Verein im Jahre 1948 seinen 25-j\u00e4hrigen Bestand feierte, z\u00e4hlte die Kapelle bereits wieder 22 Mann. Aber es sollte noch zwei Jahre dauern, bis die Musiker wieder einheitlich eingekleidet waren. Und es war wirklich nur eine einheitliche Kleidung: Ein grauer Stra\u00dfenanzug mit dunkelblauer Schirmm\u00fctze und eine Lyra darauf, das war die erste \u201eNachkriegsuniform\u201c des MVB, die eigentlich keine Uniform war.<\/p><p>Der Zauber der Montur war durch das Kriegsgeschehen verschwunden oder zumindest arg in Misskredit geraten. Durch die nachkriegsbedingte schlechte Qualit\u00e4t dieser Kleidung war ihr nat\u00fcrlich keine lange Lebensdauer beschieden, noch dazu, wo sie immer erheblichen Strapazen ausgesetzt war. Die Jahresberichte aus dieser Zeit zeugen n\u00e4mlich von sehr reger Vereinst\u00e4tigkeit. So wurden im Jahresdurchschnitt an die 60 Proben abgehalten und bei 60 bis 80 Veranstaltungen pro Jahr ein Mitwirken des MVB festgestellt.<\/p><p>Alsbald war daher dieser Stra\u00dfenanzug, sprich \u201eUniform\u201c, mehr oder weniger abgetragen. 1955 konnte dann zur Schaffung einer Uniform nach neuerem Muster geschritten werden \u2013 schwarze Hose, graue Bluse, graue Schirmm\u00fctze, wei\u00dfes Hemd und schwarzer Krawatte.<\/p><p>In dieser schmucken Uniform \u00fcbte nun der MVB seine umfangreiche T\u00e4tigkeit bei lustigen, heiteren, ernsten und traurigen Anl\u00e4ssen aus. Alsbald war daher dieser Stra\u00dfenanzug, sprich \u201eUniform\u201c, mehr oder weniger abgetragen. Es war Zeit f\u00fcr etwas Neues\u2026<\/p>\t\t\t\t\t\t\t\t<\/div>\n\t\t\t\t<\/div>\n\t\t\t\t\t<\/div>\n\t\t<\/div>\n\t\t\t\t\t<\/div>\n\t\t<\/section>\n\t\t\t\t<section class=\"elementor-section elementor-top-section elementor-element elementor-element-f5f1687 elementor-section-boxed elementor-section-height-default elementor-section-height-default\" data-id=\"f5f1687\" data-element_type=\"section\" data-e-type=\"section\">\n\t\t\t\t\t\t<div class=\"elementor-container elementor-column-gap-default\">\n\t\t\t\t\t<div class=\"elementor-column elementor-col-100 elementor-top-column elementor-element elementor-element-adb654d\" data-id=\"adb654d\" data-element_type=\"column\" data-e-type=\"column\">\n\t\t\t<div class=\"elementor-widget-wrap elementor-element-populated\">\n\t\t\t\t\t\t<div class=\"elementor-element elementor-element-4d2aee2 elementor-widget elementor-widget-heading\" data-id=\"4d2aee2\" data-element_type=\"widget\" data-e-type=\"widget\" data-widget_type=\"heading.default\">\n\t\t\t\t<div class=\"elementor-widget-container\">\n\t\t\t\t\t<h2 class=\"elementor-heading-title elementor-size-default\">Chronik \u2013 Die 50er und 60er: Auf und Ab\u2026<\/h2>\t\t\t\t<\/div>\n\t\t\t\t<\/div>\n\t\t\t\t\t<\/div>\n\t\t<\/div>\n\t\t\t\t\t<\/div>\n\t\t<\/section>\n\t\t\t\t<section class=\"elementor-section elementor-top-section elementor-element elementor-element-2c9990c elementor-section-boxed elementor-section-height-default elementor-section-height-default\" data-id=\"2c9990c\" data-element_type=\"section\" data-e-type=\"section\">\n\t\t\t\t\t\t<div class=\"elementor-container elementor-column-gap-default\">\n\t\t\t\t\t<div class=\"elementor-column elementor-col-100 elementor-top-column elementor-element elementor-element-5f648dd\" data-id=\"5f648dd\" data-element_type=\"column\" data-e-type=\"column\">\n\t\t\t<div class=\"elementor-widget-wrap elementor-element-populated\">\n\t\t\t\t\t\t<div class=\"elementor-element elementor-element-63ad722 elementor-widget elementor-widget-text-editor\" data-id=\"63ad722\" data-element_type=\"widget\" data-e-type=\"widget\" data-widget_type=\"text-editor.default\">\n\t\t\t\t<div class=\"elementor-widget-container\">\n\t\t\t\t\t\t\t\t\t<p>Alles in allem waren die 50er und 60er-Jahre eine anstrengende Zeit f\u00fcr Musiker und deren Ausr\u00fcstung \u2013 aber auch f\u00fcr die Bekleidung, wie bereits zuvor angedeutet. Daher war es wenig verwunderlich, dass man bald an eine neue und vor allem \u201eechte\u201c Uniform dachte. Durch das gro\u00dfe Engagement \u2013 vor allem die rasche Beschaffung der dazu notwendigen Geldmittel \u2013 der Musikkollegen selbst, der Bev\u00f6lkerung der Gemeinden Breitenau, Schwarzau und Peisching konnten die neuen Uniformen 1955 rasch beschafft werden. Ein Extralob findet man in den offiziellen Aufzeichnungen des MVB jener Tage auch noch f\u00fcr die Gemeinde Breitenau und die Firma Samum, die durch ihre Subventionen zum Gelingen des Ankaufs ma\u00dfgeblich beigetragen haben.<\/p>\t\t\t\t\t\t\t\t<\/div>\n\t\t\t\t<\/div>\n\t\t\t\t\t<\/div>\n\t\t<\/div>\n\t\t\t\t\t<\/div>\n\t\t<\/section>\n\t\t\t\t<section class=\"elementor-section elementor-top-section elementor-element elementor-element-939660d elementor-section-boxed elementor-section-height-default elementor-section-height-default\" data-id=\"939660d\" data-element_type=\"section\" data-e-type=\"section\">\n\t\t\t\t\t\t<div class=\"elementor-container elementor-column-gap-default\">\n\t\t\t\t\t<div class=\"elementor-column elementor-col-100 elementor-top-column elementor-element elementor-element-2ddeb4f\" data-id=\"2ddeb4f\" data-element_type=\"column\" data-e-type=\"column\">\n\t\t\t<div class=\"elementor-widget-wrap elementor-element-populated\">\n\t\t\t\t\t\t<div class=\"elementor-element elementor-element-7606319 elementor-widget elementor-widget-text-editor\" data-id=\"7606319\" data-element_type=\"widget\" data-e-type=\"widget\" data-widget_type=\"text-editor.default\">\n\t\t\t\t<div class=\"elementor-widget-container\">\n\t\t\t\t\t\t\t\t\t<p><span style=\"font-style: normal; font-variant-ligatures: normal; font-variant-caps: normal; font-weight: 400; font-family: Roboto, sans-serif; font-size: 16px;\">Die neue Uniform hatte folgendes Aussehen \u2013 schwarze Hose, graue Bluse, graue Schirmm\u00fctze, wei\u00dfes Hemd und schwarze Krawatte.\u00a0<\/span><span style=\"font-style: normal; font-variant-ligatures: normal; font-variant-caps: normal; font-weight: 400; font-family: Roboto, sans-serif; font-size: 16px;\">In dieser schmucken Uniform \u00fcbte nun der MVB seine umfangreiche T\u00e4tigkeit bei lustigen, heiteren, ernsten und traurigen Anl\u00e4ssen aus. Ohne den MVB war kaum eine Veranstaltung vorstellbar. Ob man engagiert wurde oder selber organisierte, der MVB war immer da.<\/span><\/p>\t\t\t\t\t\t\t\t<\/div>\n\t\t\t\t<\/div>\n\t\t\t\t\t<\/div>\n\t\t<\/div>\n\t\t\t\t\t<\/div>\n\t\t<\/section>\n\t\t\t\t<section class=\"elementor-section elementor-top-section elementor-element elementor-element-7b450c4 elementor-section-boxed elementor-section-height-default elementor-section-height-default\" data-id=\"7b450c4\" data-element_type=\"section\" data-e-type=\"section\">\n\t\t\t\t\t\t<div class=\"elementor-container elementor-column-gap-default\">\n\t\t\t\t\t<div class=\"elementor-column elementor-col-100 elementor-top-column elementor-element elementor-element-852f5f1\" data-id=\"852f5f1\" data-element_type=\"column\" data-e-type=\"column\">\n\t\t\t<div class=\"elementor-widget-wrap elementor-element-populated\">\n\t\t\t\t\t\t<div class=\"elementor-element elementor-element-cbbfd66 elementor-widget elementor-widget-image\" data-id=\"cbbfd66\" data-element_type=\"widget\" data-e-type=\"widget\" data-widget_type=\"image.default\">\n\t\t\t\t<div class=\"elementor-widget-container\">\n\t\t\t\t\t\t\t\t\t\t\t\t\t\t\t<img decoding=\"async\" width=\"800\" height=\"543\" src=\"http:\/\/www.mvbreitenau.at\/v2\/wp-content\/uploads\/2019\/05\/7.jpg\" class=\"attachment-large size-large wp-image-977\" alt=\"\" srcset=\"http:\/\/www.mvbreitenau.at\/v2\/wp-content\/uploads\/2019\/05\/7.jpg 800w, http:\/\/www.mvbreitenau.at\/v2\/wp-content\/uploads\/2019\/05\/7-300x204.jpg 300w, http:\/\/www.mvbreitenau.at\/v2\/wp-content\/uploads\/2019\/05\/7-768x521.jpg 768w\" sizes=\"(max-width: 800px) 100vw, 800px\" \/>\t\t\t\t\t\t\t\t\t\t\t\t\t\t\t<\/div>\n\t\t\t\t<\/div>\n\t\t\t\t\t<\/div>\n\t\t<\/div>\n\t\t\t\t\t<\/div>\n\t\t<\/section>\n\t\t\t\t<section class=\"elementor-section elementor-top-section elementor-element elementor-element-5d79fa5 elementor-section-boxed elementor-section-height-default elementor-section-height-default\" data-id=\"5d79fa5\" data-element_type=\"section\" data-e-type=\"section\">\n\t\t\t\t\t\t<div class=\"elementor-container elementor-column-gap-default\">\n\t\t\t\t\t<div class=\"elementor-column elementor-col-100 elementor-top-column elementor-element elementor-element-e5fda52\" data-id=\"e5fda52\" data-element_type=\"column\" data-e-type=\"column\">\n\t\t\t<div class=\"elementor-widget-wrap elementor-element-populated\">\n\t\t\t\t\t\t<div class=\"elementor-element elementor-element-8f132a6 elementor-widget elementor-widget-text-editor\" data-id=\"8f132a6\" data-element_type=\"widget\" data-e-type=\"widget\" data-widget_type=\"text-editor.default\">\n\t\t\t\t<div class=\"elementor-widget-container\">\n\t\t\t\t\t\t\t\t\t<p><span style=\"font-style: normal; font-variant-ligatures: normal; font-variant-caps: normal; font-weight: 400; font-family: Roboto, sans-serif; font-size: 16px;\">So gab es etwa ab 1947 regelm\u00e4\u00dfig ein Neujahrskonzert, das an wechselnden Orten abgehalten wurde, normalerweise in Breitenau oder Schwarzau, 1954 aber etwa auch in Erlach. Aber auch Weihnachtskonzerte stellten in jenen Jahren eine allseits gesch\u00e4tzte Umrahmung der feierlichen Zeit dar. Mit den aufkeimenden 60er-Jahren wurde es aus verschiedenen Gr\u00fcnden immer schwieriger, diese vom Termin her sehr exponierten Konzerte durchzuf\u00fchren.<\/span><\/p><p>Dies lag teilweise daran, dass die Musiker mehr mit den eigenen Familien beisammen sein wollten, als auch zu den Feiertagen von ihnen getrennt zu sein. Letztmalig wurde \u00fcbrigens zum Jahresbeginn 1983 ein Neujahrskonzert durchgef\u00fchrt.<\/p>\t\t\t\t\t\t\t\t<\/div>\n\t\t\t\t<\/div>\n\t\t\t\t\t<\/div>\n\t\t<\/div>\n\t\t\t\t\t<\/div>\n\t\t<\/section>\n\t\t\t\t<section class=\"elementor-section elementor-top-section elementor-element elementor-element-67db7fe elementor-section-boxed elementor-section-height-default elementor-section-height-default\" data-id=\"67db7fe\" data-element_type=\"section\" data-e-type=\"section\">\n\t\t\t\t\t\t<div class=\"elementor-container elementor-column-gap-default\">\n\t\t\t\t\t<div class=\"elementor-column elementor-col-100 elementor-top-column elementor-element elementor-element-18f2699\" data-id=\"18f2699\" data-element_type=\"column\" data-e-type=\"column\">\n\t\t\t<div class=\"elementor-widget-wrap elementor-element-populated\">\n\t\t\t\t\t\t<div class=\"elementor-element elementor-element-d6181f5 elementor-widget elementor-widget-text-editor\" data-id=\"d6181f5\" data-element_type=\"widget\" data-e-type=\"widget\" data-widget_type=\"text-editor.default\">\n\t\t\t\t<div class=\"elementor-widget-container\">\n\t\t\t\t\t\t\t\t\t<p>Oftmals geriet man in diesen Jahren auch ob der musikalischen Ausrichtung, bzw. der Sto\u00dfrichtung der Arbeit des MVB aneinander. Aber auch beinahe philosophische Diskussionen hatten beim MVB stets ihren Platz, wie etwa bei der Jahreshauptversammlung im Jahre 1952. So verwundert es kaum, dass, angeregt vom damaligen Ehrenmitglied Oberlehrer Schubert, eine Aussprache \u00fcber die Kulturkrise unserer Zeit und die Krise der Musik im Allgemeinen rege Beteiligung fand.<\/p><p>Ohne gro\u00dfe Diskussion wurde dagegen der Beitritt zum Nieder\u00f6sterreichischen Blasmusikverband beschlossen, dem der MVB nunmehr seit 1958 angeh\u00f6rt.<\/p>\t\t\t\t\t\t\t\t<\/div>\n\t\t\t\t<\/div>\n\t\t\t\t\t<\/div>\n\t\t<\/div>\n\t\t\t\t\t<\/div>\n\t\t<\/section>\n\t\t\t\t<section class=\"elementor-section elementor-top-section elementor-element elementor-element-2be38f8 elementor-section-boxed elementor-section-height-default elementor-section-height-default\" data-id=\"2be38f8\" data-element_type=\"section\" data-e-type=\"section\">\n\t\t\t\t\t\t<div class=\"elementor-container elementor-column-gap-default\">\n\t\t\t\t\t<div class=\"elementor-column elementor-col-100 elementor-top-column elementor-element elementor-element-6cc0c42\" data-id=\"6cc0c42\" data-element_type=\"column\" data-e-type=\"column\">\n\t\t\t<div class=\"elementor-widget-wrap elementor-element-populated\">\n\t\t\t\t\t\t<div class=\"elementor-element elementor-element-aee1c5d elementor-widget elementor-widget-heading\" data-id=\"aee1c5d\" data-element_type=\"widget\" data-e-type=\"widget\" data-widget_type=\"heading.default\">\n\t\t\t\t<div class=\"elementor-widget-container\">\n\t\t\t\t\t<h2 class=\"elementor-heading-title elementor-size-default\">Chronik \u2013 Die 70er: Fokus auf die Jugendarbeit\u2026<\/h2>\t\t\t\t<\/div>\n\t\t\t\t<\/div>\n\t\t\t\t\t<\/div>\n\t\t<\/div>\n\t\t\t\t\t<\/div>\n\t\t<\/section>\n\t\t\t\t<section class=\"elementor-section elementor-top-section elementor-element elementor-element-8a38976 elementor-section-boxed elementor-section-height-default elementor-section-height-default\" data-id=\"8a38976\" data-element_type=\"section\" data-e-type=\"section\">\n\t\t\t\t\t\t<div class=\"elementor-container elementor-column-gap-default\">\n\t\t\t\t\t<div class=\"elementor-column elementor-col-100 elementor-top-column elementor-element elementor-element-cad5483\" data-id=\"cad5483\" data-element_type=\"column\" data-e-type=\"column\">\n\t\t\t<div class=\"elementor-widget-wrap elementor-element-populated\">\n\t\t\t\t\t\t<div class=\"elementor-element elementor-element-1073eea elementor-widget elementor-widget-text-editor\" data-id=\"1073eea\" data-element_type=\"widget\" data-e-type=\"widget\" data-widget_type=\"text-editor.default\">\n\t\t\t\t<div class=\"elementor-widget-container\">\n\t\t\t\t\t\t\t\t\t<p>Um den Weiterbestand des MVB oder \u00fcberhaupt, um das ganze musikalische Leben in Breitenau zu gew\u00e4hrleisten, war es notwendig, sich um die Ausbildung junger Musiker zu sorgen. Zwei Musikkollegen wurden beauftragt, sich mit diesem Problem, welches nicht nur fachliches K\u00f6nnen verlangt, sondern auch noch sehr zeitraubend ist, zu befassen. Sie standen alsbaldigst pausenlos mit viel Geduld und gro\u00dfem Idealismus im Einsatz f\u00fcr die Jugend \u2013 Johann Mayer und Anton Kaminek.<\/p><p>Mit Schulbeginn 1972 wurde von Anton Kaminek eine Musikschule als Zweigstelle der Musikschule Neunkirchen gegr\u00fcndet. Um den Kindern den Weg nach Neunkirchen zu ersparen, wurde alles daran gesetzt, s\u00e4mtliche Instrumente in Breitenau zu unterrichten. Damit wurde eine wichtige Unterrichtsm\u00f6glichkeit geschaffen, die sich schon bald eines regen Zuspruches erfreuen konnte.<\/p>\t\t\t\t\t\t\t\t<\/div>\n\t\t\t\t<\/div>\n\t\t\t\t\t<\/div>\n\t\t<\/div>\n\t\t\t\t\t<\/div>\n\t\t<\/section>\n\t\t\t\t<section class=\"elementor-section elementor-top-section elementor-element elementor-element-77dadae elementor-section-boxed elementor-section-height-default elementor-section-height-default\" data-id=\"77dadae\" data-element_type=\"section\" data-e-type=\"section\">\n\t\t\t\t\t\t<div class=\"elementor-container elementor-column-gap-default\">\n\t\t\t\t\t<div class=\"elementor-column elementor-col-100 elementor-top-column elementor-element elementor-element-49e6be5\" data-id=\"49e6be5\" data-element_type=\"column\" data-e-type=\"column\">\n\t\t\t<div class=\"elementor-widget-wrap elementor-element-populated\">\n\t\t\t\t\t\t<div class=\"elementor-element elementor-element-f37e8b9 elementor-widget elementor-widget-text-editor\" data-id=\"f37e8b9\" data-element_type=\"widget\" data-e-type=\"widget\" data-widget_type=\"text-editor.default\">\n\t\t\t\t<div class=\"elementor-widget-container\">\n\t\t\t\t\t\t\t\t\t<p>So stellte sich der Erfolg dieser Ausbildungsarbeit auch schnell ein. Neue, junge und talentierte Kr\u00e4fte verst\u00e4rkten bald den MVB. Noch heute wird der MVB von vielen Musikern getragen, die in dieser Zeit die Beherrschung der Instrumente erlernt haben.<\/p><p>1975 kam es im MVB dann zu einem Novum \u2013 die erste aktiv musizierende Frau trat dem Verein bei. Nicht, dass man zuvor das Engagement von Frauen bewusst hintangehalten h\u00e4tte, es hatte sich davor nie ergeben. Von der Tradition her hatte es schon immer Marketenderinnen gegeben, aber Maria Stremel an der Trompete war die erste, die sich nicht selbst auf das Tragen von Schnapsf\u00e4sschen und sch\u00f6nes Aussehen reduzierte. Seit damals sind die Frauen im MVBjedenfalls auch als Musikerinnen nicht mehr wegzudenken und nehmen vielfach eine tragende Rolle ein.<\/p><p>Aber zur\u00fcck zu einem Dauerthema in der Geschichte des MVB \u2013 der Uniform. Dem Trend der Zeit folgend, wurde die bereits abgetragene Uniform durch eine neue Tracht ersetzt. Diese Tracht wurde im s\u00fcd\u00f6stlichen Nieder\u00f6sterreich Ende des 19. Jahrhunderts getragen.<\/p><p>Die Beschaffungskosten von damals 117.000 Schilling (etwa 8.500 Euro) wurden zum Teil aus Eigenmitteln und Spenden der Bev\u00f6lkerung von Breitenau, durch Zusch\u00fcsse der beiden Gemeinden Breitenau und Schwarzau sowie anderer Institutionen und durch eine Subvention der N\u00d6- Landesregierung aufgebracht.<\/p>\t\t\t\t\t\t\t\t<\/div>\n\t\t\t\t<\/div>\n\t\t\t\t\t<\/div>\n\t\t<\/div>\n\t\t\t\t\t<\/div>\n\t\t<\/section>\n\t\t\t\t<section class=\"elementor-section elementor-top-section elementor-element elementor-element-199259f elementor-section-boxed elementor-section-height-default elementor-section-height-default\" data-id=\"199259f\" data-element_type=\"section\" data-e-type=\"section\">\n\t\t\t\t\t\t<div class=\"elementor-container elementor-column-gap-default\">\n\t\t\t\t\t<div class=\"elementor-column elementor-col-100 elementor-top-column elementor-element elementor-element-9b04f5f\" data-id=\"9b04f5f\" data-element_type=\"column\" data-e-type=\"column\">\n\t\t\t<div class=\"elementor-widget-wrap elementor-element-populated\">\n\t\t\t\t\t\t<div class=\"elementor-element elementor-element-49146d9 elementor-widget elementor-widget-heading\" data-id=\"49146d9\" data-element_type=\"widget\" data-e-type=\"widget\" data-widget_type=\"heading.default\">\n\t\t\t\t<div class=\"elementor-widget-container\">\n\t\t\t\t\t<h2 class=\"elementor-heading-title elementor-size-default\">Chronik \u2013 Die 80er: St\u00fcrmische Zeiten\u2026<\/h2>\t\t\t\t<\/div>\n\t\t\t\t<\/div>\n\t\t\t\t\t<\/div>\n\t\t<\/div>\n\t\t\t\t\t<\/div>\n\t\t<\/section>\n\t\t\t\t<section class=\"elementor-section elementor-top-section elementor-element elementor-element-1ffc7fd elementor-section-boxed elementor-section-height-default elementor-section-height-default\" data-id=\"1ffc7fd\" data-element_type=\"section\" data-e-type=\"section\">\n\t\t\t\t\t\t<div class=\"elementor-container elementor-column-gap-default\">\n\t\t\t\t\t<div class=\"elementor-column elementor-col-100 elementor-top-column elementor-element elementor-element-f8ce08e\" data-id=\"f8ce08e\" data-element_type=\"column\" data-e-type=\"column\">\n\t\t\t<div class=\"elementor-widget-wrap elementor-element-populated\">\n\t\t\t\t\t\t<div class=\"elementor-element elementor-element-ac079e9 elementor-widget elementor-widget-text-editor\" data-id=\"ac079e9\" data-element_type=\"widget\" data-e-type=\"widget\" data-widget_type=\"text-editor.default\">\n\t\t\t\t<div class=\"elementor-widget-container\">\n\t\t\t\t\t\t\t\t\t<p>Die 80er-Jahre gelten allgemeinhin als Jahrzehnt der Desorientierung der Gesellschaft. Man war nicht mehr in der Boom-Zeit der 50er, nicht mehr in der Flower-Power-\u00c4ra der 60er, die Krisen der 70er waren bereits vergessen \u2013 nur die 80er-Jahre stehen bis zum heutigen Tag f\u00fcr nichts. Der MVB dagegen hat auch in diesem Jahrzehnt sein Ziel der Pflege Traditionen und der Blasmusik nicht verloren.<\/p><p>Die bereits angegrauten Statuten, die seit 1923 unver\u00e4ndert geblieben waren, bedurften im Jahr 1986 endlich einer Erneuerung. Zu viele Passagen in der Verfassung des MVBentsprachen nicht mehr der Zeit, vor allem aber war eine \u00c4nderung im Hinblick auf eine \u00c4nderung der Bundesabgabenordnung notwendig, um weiterhin gewisse Vorteile aus dem Rang eines Vereins ziehen zu k\u00f6nnen.<\/p><p>Das Jahr 1988 stand dann im Zeichen des 65. Gr\u00fcndungsjubil\u00e4ums des MVB. Zu diesem Zweck fand in der Zeit vom 9. bis zum 11.September auf dem Sportplatz in Breitenau ein Zeltfest statt. Das Fest war ein gro\u00dfer Erfolg, zumal auch das Wetter mitspielte. Die Bev\u00f6lkerung Breitenaus war mit dem Gebotenen absolut zufrieden, wie das stets gef\u00fcllte Zelt f\u00fcr 800 Personen, aber auch dem MVB zugetragene positive Kritiken zeigten. Mitverantwortlich daf\u00fcr waren nat\u00fcrlich auch die Auftritte unserer musikalischen G\u00e4ste \u201eMagic Sound\u201c &amp; Big Band am Freitag, dem \u201eHeimatlandecho\u201c am Samstag sowie den \u201eSteirischen Stra\u00dfenmusikanten\u201c und den \u201e3 Lustigen Vagabunden\u201c am Sonntag. Beinahe w\u00e4re es auch zum Auftritt der \u201e\u201cErsten Allgemeinen Verunsicherung\u201c (EAV) bei dieser Veranstaltung gekommen, doch offensichtlich war sich die F\u00fchrung des MVB nicht sicher, ob das Engagement der EAV nicht eine Nummer zu gro\u00df f\u00fcr den MVB sein w\u00fcrde.<\/p>\t\t\t\t\t\t\t\t<\/div>\n\t\t\t\t<\/div>\n\t\t\t\t\t<\/div>\n\t\t<\/div>\n\t\t\t\t\t<\/div>\n\t\t<\/section>\n\t\t\t\t<section class=\"elementor-section elementor-top-section elementor-element elementor-element-594e4d7 elementor-section-boxed elementor-section-height-default elementor-section-height-default\" data-id=\"594e4d7\" data-element_type=\"section\" data-e-type=\"section\">\n\t\t\t\t\t\t<div class=\"elementor-container elementor-column-gap-default\">\n\t\t\t\t\t<div class=\"elementor-column elementor-col-100 elementor-top-column elementor-element elementor-element-6ac134a\" data-id=\"6ac134a\" data-element_type=\"column\" data-e-type=\"column\">\n\t\t\t<div class=\"elementor-widget-wrap elementor-element-populated\">\n\t\t\t\t\t\t<div class=\"elementor-element elementor-element-d1d495c elementor-widget elementor-widget-text-editor\" data-id=\"d1d495c\" data-element_type=\"widget\" data-e-type=\"widget\" data-widget_type=\"text-editor.default\">\n\t\t\t\t<div class=\"elementor-widget-container\">\n\t\t\t\t\t\t\t\t\t<p>Im Jahre 1990 lie\u00df der MVB, entsprechend einer Initiative des damaligen Obmanns Franz Fuchs, den alten Brauch des \u201eKirtagbaums\u201c wiederauferstehen. Dabei wurde in fr\u00fcheren Tagen aus dem Kreise der Ortsbev\u00f6lkerung ein Baum gespendet, der im Sp\u00e4tfr\u00fchling aufgestellt, am Dorfkirtag in feierlicher Manier vor aller Augen umgeschnitten wurde. Stets hatte der Kirtagbaum das Zentrum des Breitenauer Kirtags ausgemacht. Nun endlich war der Brauch wieder eingef\u00fchrt, der edle Spender des ersten Kirtagbaums der \u201eNeuzeit\u201c war dabei die Familie Gottfried Scherleithner.<\/p>\t\t\t\t\t\t\t\t<\/div>\n\t\t\t\t<\/div>\n\t\t\t\t\t<\/div>\n\t\t<\/div>\n\t\t\t\t\t<\/div>\n\t\t<\/section>\n\t\t\t\t<section class=\"elementor-section elementor-top-section elementor-element elementor-element-c4e28ee elementor-section-boxed elementor-section-height-default elementor-section-height-default\" data-id=\"c4e28ee\" data-element_type=\"section\" data-e-type=\"section\">\n\t\t\t\t\t\t<div class=\"elementor-container elementor-column-gap-default\">\n\t\t\t\t\t<div class=\"elementor-column elementor-col-100 elementor-top-column elementor-element elementor-element-6c452d1\" data-id=\"6c452d1\" data-element_type=\"column\" data-e-type=\"column\">\n\t\t\t<div class=\"elementor-widget-wrap elementor-element-populated\">\n\t\t\t\t\t\t<div class=\"elementor-element elementor-element-cd5992c elementor-widget elementor-widget-image\" data-id=\"cd5992c\" data-element_type=\"widget\" data-e-type=\"widget\" data-widget_type=\"image.default\">\n\t\t\t\t<div class=\"elementor-widget-container\">\n\t\t\t\t\t\t\t\t\t\t\t\t\t\t\t<img decoding=\"async\" width=\"800\" height=\"536\" src=\"http:\/\/www.mvbreitenau.at\/v2\/wp-content\/uploads\/2019\/05\/18.jpg\" class=\"attachment-large size-large wp-image-997\" alt=\"\" srcset=\"http:\/\/www.mvbreitenau.at\/v2\/wp-content\/uploads\/2019\/05\/18.jpg 800w, http:\/\/www.mvbreitenau.at\/v2\/wp-content\/uploads\/2019\/05\/18-300x201.jpg 300w, http:\/\/www.mvbreitenau.at\/v2\/wp-content\/uploads\/2019\/05\/18-768x515.jpg 768w\" sizes=\"(max-width: 800px) 100vw, 800px\" \/>\t\t\t\t\t\t\t\t\t\t\t\t\t\t\t<\/div>\n\t\t\t\t<\/div>\n\t\t\t\t\t<\/div>\n\t\t<\/div>\n\t\t\t\t\t<\/div>\n\t\t<\/section>\n\t\t\t\t<section class=\"elementor-section elementor-top-section elementor-element elementor-element-8bcebe9 elementor-section-boxed elementor-section-height-default elementor-section-height-default\" data-id=\"8bcebe9\" data-element_type=\"section\" data-e-type=\"section\">\n\t\t\t\t\t\t<div class=\"elementor-container elementor-column-gap-default\">\n\t\t\t\t\t<div class=\"elementor-column elementor-col-100 elementor-top-column elementor-element elementor-element-98e5721\" data-id=\"98e5721\" data-element_type=\"column\" data-e-type=\"column\">\n\t\t\t<div class=\"elementor-widget-wrap elementor-element-populated\">\n\t\t\t\t\t\t<div class=\"elementor-element elementor-element-e8e7bff elementor-widget elementor-widget-spacer\" data-id=\"e8e7bff\" data-element_type=\"widget\" data-e-type=\"widget\" data-widget_type=\"spacer.default\">\n\t\t\t\t<div class=\"elementor-widget-container\">\n\t\t\t\t\t\t\t<div class=\"elementor-spacer\">\n\t\t\t<div class=\"elementor-spacer-inner\"><\/div>\n\t\t<\/div>\n\t\t\t\t\t\t<\/div>\n\t\t\t\t<\/div>\n\t\t\t\t\t<\/div>\n\t\t<\/div>\n\t\t\t\t\t<\/div>\n\t\t<\/section>\n\t\t\t\t<section class=\"elementor-section elementor-top-section elementor-element elementor-element-4bb680b elementor-section-boxed elementor-section-height-default elementor-section-height-default\" data-id=\"4bb680b\" data-element_type=\"section\" data-e-type=\"section\">\n\t\t\t\t\t\t<div class=\"elementor-container elementor-column-gap-default\">\n\t\t\t\t\t<div class=\"elementor-column elementor-col-100 elementor-top-column elementor-element elementor-element-9b46932\" data-id=\"9b46932\" data-element_type=\"column\" data-e-type=\"column\">\n\t\t\t<div class=\"elementor-widget-wrap elementor-element-populated\">\n\t\t\t\t\t\t<div class=\"elementor-element elementor-element-f9b7090 elementor-widget elementor-widget-heading\" data-id=\"f9b7090\" data-element_type=\"widget\" data-e-type=\"widget\" data-widget_type=\"heading.default\">\n\t\t\t\t<div class=\"elementor-widget-container\">\n\t\t\t\t\t<h2 class=\"elementor-heading-title elementor-size-default\">Chronik \u2013 Die 90er: Endlich ein Zuhause f\u00fcr den MVB\u2026<\/h2>\t\t\t\t<\/div>\n\t\t\t\t<\/div>\n\t\t\t\t\t<\/div>\n\t\t<\/div>\n\t\t\t\t\t<\/div>\n\t\t<\/section>\n\t\t\t\t<section class=\"elementor-section elementor-top-section elementor-element elementor-element-b8c0f64 elementor-section-boxed elementor-section-height-default elementor-section-height-default\" data-id=\"b8c0f64\" data-element_type=\"section\" data-e-type=\"section\">\n\t\t\t\t\t\t<div class=\"elementor-container elementor-column-gap-default\">\n\t\t\t\t\t<div class=\"elementor-column elementor-col-100 elementor-top-column elementor-element elementor-element-1e20af7\" data-id=\"1e20af7\" data-element_type=\"column\" data-e-type=\"column\">\n\t\t\t<div class=\"elementor-widget-wrap elementor-element-populated\">\n\t\t\t\t\t\t<div class=\"elementor-element elementor-element-09f3d35 elementor-widget elementor-widget-text-editor\" data-id=\"09f3d35\" data-element_type=\"widget\" data-e-type=\"widget\" data-widget_type=\"text-editor.default\">\n\t\t\t\t<div class=\"elementor-widget-container\">\n\t\t\t\t\t\t\t\t\t<p>In all den Jahren seit 1923 hat der MVB stets ein Pl\u00e4tzchen f\u00fcr das probenbedingte Zusammentreffen seiner Mitglieder gefunden. Die Gasth\u00e4user der Gemeinde haben den Musikern immer wieder ihre R\u00e4umlichkeiten zur Verf\u00fcgung gestellt. Auch wenn man zweifellos ein wichtiger Teil der Ortsgemeinschaft war, wurde man dann und wann daran erinnert, dass man ohne wirkliche Heimst\u00e4tte auszukommen hatte. Die Abh\u00e4ngigkeit vom, zwar stets gezeigten, aber zweifellos nicht unverr\u00fcckbaren guten Willen der lokalen Wirte lie\u00df in den Vereinsverantwortlichen schon seit l\u00e4ngerer Zeit, konkret aber seit 1988, den Wunsch nach einer eigenen Probenlokalit\u00e4t reifen. Doch woher nehmen und nicht stehlen?<\/p><p>Die L\u00f6sung f\u00fcr dieses Problem ergab sich durch die Er\u00f6ffnung des Breitenauer Veranstaltungshauses im Jahre 1994. Dieses, offiziell \u201eSteinfeldzentrum Breitenau\u201c genannte Geb\u00e4ude wurde von der Gemeinde Breitenau errichtet, wobei den W\u00fcnschen des MVB nach einer eigenen R\u00e4umlichkeit durch die Integration eines Musikerheims entsprochen wurde. Seit damals hat der MVB endlich alle M\u00f6glichkeiten zur sorgsamen Verwahrung und Archivierung von Musikalien, Instrumenten, Uniformen und dergleichen. Waren fr\u00fcher die Besitzt\u00fcmer des MVB teilweise bei einzelnen Musikern zuhause eingelagert gewesen, haben diese nunmehr ihren zentralen Platz im Herzen des Vereins gefunden. Auch das gesellige Beisammensein ist durch diese R\u00e4umlichkeiten nunmehr in bedeutend besserem Umfang gew\u00e4hrleistet.<\/p>\t\t\t\t\t\t\t\t<\/div>\n\t\t\t\t<\/div>\n\t\t\t\t\t<\/div>\n\t\t<\/div>\n\t\t\t\t\t<\/div>\n\t\t<\/section>\n\t\t\t\t<section class=\"elementor-section elementor-top-section elementor-element elementor-element-29dff23 elementor-section-boxed elementor-section-height-default elementor-section-height-default\" data-id=\"29dff23\" data-element_type=\"section\" data-e-type=\"section\">\n\t\t\t\t\t\t<div class=\"elementor-container elementor-column-gap-default\">\n\t\t\t\t\t<div class=\"elementor-column elementor-col-100 elementor-top-column elementor-element elementor-element-d1c35d0\" data-id=\"d1c35d0\" data-element_type=\"column\" data-e-type=\"column\">\n\t\t\t<div class=\"elementor-widget-wrap elementor-element-populated\">\n\t\t\t\t\t\t<div class=\"elementor-element elementor-element-8a3602e elementor-widget elementor-widget-heading\" data-id=\"8a3602e\" data-element_type=\"widget\" data-e-type=\"widget\" data-widget_type=\"heading.default\">\n\t\t\t\t<div class=\"elementor-widget-container\">\n\t\t\t\t\t<h2 class=\"elementor-heading-title elementor-size-default\">Chronik \u2013 2000er: Das neue Jahrtausend mit einer neuen F\u00fchrung<\/h2>\t\t\t\t<\/div>\n\t\t\t\t<\/div>\n\t\t\t\t\t<\/div>\n\t\t<\/div>\n\t\t\t\t\t<\/div>\n\t\t<\/section>\n\t\t\t\t<section class=\"elementor-section elementor-top-section elementor-element elementor-element-54d8446 elementor-section-boxed elementor-section-height-default elementor-section-height-default\" data-id=\"54d8446\" data-element_type=\"section\" data-e-type=\"section\">\n\t\t\t\t\t\t<div class=\"elementor-container elementor-column-gap-default\">\n\t\t\t\t\t<div class=\"elementor-column elementor-col-100 elementor-top-column elementor-element elementor-element-81d7b82\" data-id=\"81d7b82\" data-element_type=\"column\" data-e-type=\"column\">\n\t\t\t<div class=\"elementor-widget-wrap elementor-element-populated\">\n\t\t\t\t\t\t<div class=\"elementor-element elementor-element-08ce39b elementor-widget elementor-widget-text-editor\" data-id=\"08ce39b\" data-element_type=\"widget\" data-e-type=\"widget\" data-widget_type=\"text-editor.default\">\n\t\t\t\t<div class=\"elementor-widget-container\">\n\t\t\t\t\t\t\t\t\t<p>Im neuen Jahrtausend erlebte der MVB einige einschneidende Ver\u00e4nderungen. So endete nach 16 Jahren die Obmannschaft von Franz Fuchs \u2013 viele Musikanten hatten an der Spitze des Vereins gar niemand anderen gekannt. Eine \u00c4ra ging nach gez\u00e4hlten 5765 Tagen zu Ende, die l\u00e4ngste Obmannschaft beim MVB \u00fcberhaupt. Seine Nachfolge trat Schriftf\u00fchrer Thomas Maldet an, der seit dem Fr\u00fchjahr 2001 die Geschicke des MVB f\u00fchrt.<\/p><p>Auf dem Bekleidungssektor entschloss man sich erstens neue H\u00fcte anzuschaffen und zweitens f\u00fcr die Damen ein anderes Erscheinungsbild zu kreieren. So wurden die alten \u2013 ohnehin nicht sehr beliebten \u2013 Dirndlkleider gegen ein neues Trachtenb\u00fcndel eingetauscht sowie ein einheitlicher Trachtenschmuck erworben.<\/p><p>Das 80-j\u00e4hrige Gr\u00fcndungsjubil\u00e4um des MVB wurde im Jahr 2003 begangen. Zum Auftakt der Festivit\u00e4ten wurde dabei dank bester Beziehungen von Kapellmeister Walter Berger die international bekannte \u201eBlaskapelle Makos\u201c f\u00fcr ein Muttertagskonzert gewonnen. Die Einnahmen flossen \u00fcbrigens zur G\u00e4nze dem MVB zu. Im Oktober fand dann im Rahmen des zweit\u00e4gigen Oktoberfests die zweite \u201eFeierwelle\u201c statt. Und wieder war die \u201eBlaskapelle Makos\u201c (am Samstagabend) dabei \u2013 zur Abrundung gab es am letzten Sonntag noch den Auftritt unserer Freunde aus Pitten, der \u201ePittentaler Blasmusik\u201c.<\/p><p>Im Jahr 2006 kam es zur zweiten Statuten\u00e4nderung in der Geschichte des MVB. So wurde \u2013 neben einigen Anpassungen an das wiederum neue Vereinsgesetz \u2013 erstmals offiziell die Gemeinde Schwarzau in den T\u00e4tigkeitsbereich des MVB aufgenommen \u2013 der Betonung der ausgezeichneten Beziehungen des MVB zur Gemeide Schwarzau und ihrer Bev\u00f6lkerung.<\/p><p>Als neuen Versuch, die Jugend wieder vermehrt zum Erlernen von Blasinstrumenten zu bewegen wurde im Sommer 2006 erstmals ein \u201eTag der offenen T\u00fcr\u201c veranstaltet. In gem\u00fctlichem Rahmen wurden dabei von Musikern des MVB die verschiedensten Instrumente vorgestellt. Verbunden damit die Hoffnung, auch k\u00fcnftighin die Freude an der Blasmusik hochhalten zu k\u00f6nnen.<\/p>\t\t\t\t\t\t\t\t<\/div>\n\t\t\t\t<\/div>\n\t\t\t\t\t<\/div>\n\t\t<\/div>\n\t\t\t\t\t<\/div>\n\t\t<\/section>\n\t\t\t\t<section class=\"elementor-section elementor-top-section elementor-element elementor-element-78ec4d2 elementor-section-full_width elementor-section-height-default elementor-section-height-default\" data-id=\"78ec4d2\" data-element_type=\"section\" data-e-type=\"section\">\n\t\t\t\t\t\t<div class=\"elementor-container elementor-column-gap-default\">\n\t\t\t\t\t<div class=\"elementor-column elementor-col-100 elementor-top-column elementor-element elementor-element-b7bbd54\" data-id=\"b7bbd54\" data-element_type=\"column\" data-e-type=\"column\">\n\t\t\t<div class=\"elementor-widget-wrap elementor-element-populated\">\n\t\t\t\t\t\t<div class=\"elementor-element elementor-element-1207b5b elementor-widget elementor-widget-spacer\" data-id=\"1207b5b\" data-element_type=\"widget\" data-e-type=\"widget\" data-widget_type=\"spacer.default\">\n\t\t\t\t<div class=\"elementor-widget-container\">\n\t\t\t\t\t\t\t<div class=\"elementor-spacer\">\n\t\t\t<div class=\"elementor-spacer-inner\"><\/div>\n\t\t<\/div>\n\t\t\t\t\t\t<\/div>\n\t\t\t\t<\/div>\n\t\t\t\t\t<\/div>\n\t\t<\/div>\n\t\t\t\t\t<\/div>\n\t\t<\/section>\n\t\t\t\t<\/div>\n\t\t","protected":false},"excerpt":{"rendered":"<p>Chronik &#8211; Der Beginn\u200b Als im Jahre 1923 die Gr\u00fcndungsversammlung des Musikvereins Breitenau (MVB) stattfand, war das wohl die Geburtsstunde des Musikvereins, aber nicht der Beginn musikalischer T\u00e4tigkeit in Breitenau. Schon 25 Jahre zuvor, im Jahre 1898, gr\u00fcndeten einige musikliebende und musikaus\u00fcbende M\u00e4nner in Breitenau eine Feuerwehrkapelle. Bei der Gr\u00fcndung z\u00e4hlte diese Kapelle acht Mann, [&hellip;]<\/p>\n","protected":false},"author":1,"featured_media":0,"parent":0,"menu_order":0,"comment_status":"closed","ping_status":"closed","template":"","meta":{"ocean_post_layout":"full-screen","ocean_both_sidebars_style":"","ocean_both_sidebars_content_width":0,"ocean_both_sidebars_sidebars_width":0,"ocean_sidebar":"0","ocean_second_sidebar":"0","ocean_disable_margins":"enable","ocean_add_body_class":"","ocean_shortcode_before_top_bar":"","ocean_shortcode_after_top_bar":"","ocean_shortcode_before_header":"","ocean_shortcode_after_header":"","ocean_has_shortcode":"","ocean_shortcode_after_title":"","ocean_shortcode_before_footer_widgets":"","ocean_shortcode_after_footer_widgets":"","ocean_shortcode_before_footer_bottom":"","ocean_shortcode_after_footer_bottom":"","ocean_display_top_bar":"on","ocean_display_header":"on","ocean_header_style":"","ocean_center_header_left_menu":"0","ocean_custom_header_template":"0","ocean_custom_logo":0,"ocean_custom_retina_logo":0,"ocean_custom_logo_max_width":0,"ocean_custom_logo_tablet_max_width":0,"ocean_custom_logo_mobile_max_width":0,"ocean_custom_logo_max_height":0,"ocean_custom_logo_tablet_max_height":0,"ocean_custom_logo_mobile_max_height":0,"ocean_header_custom_menu":"0","ocean_menu_typo_font_family":"0","ocean_menu_typo_font_subset":"","ocean_menu_typo_font_size":0,"ocean_menu_typo_font_size_tablet":0,"ocean_menu_typo_font_size_mobile":0,"ocean_menu_typo_font_size_unit":"px","ocean_menu_typo_font_weight":"","ocean_menu_typo_font_weight_tablet":"","ocean_menu_typo_font_weight_mobile":"","ocean_menu_typo_transform":"","ocean_menu_typo_transform_tablet":"","ocean_menu_typo_transform_mobile":"","ocean_menu_typo_line_height":0,"ocean_menu_typo_line_height_tablet":0,"ocean_menu_typo_line_height_mobile":0,"ocean_menu_typo_line_height_unit":"","ocean_menu_typo_spacing":0,"ocean_menu_typo_spacing_tablet":0,"ocean_menu_typo_spacing_mobile":0,"ocean_menu_typo_spacing_unit":"","ocean_menu_link_color":"","ocean_menu_link_color_hover":"","ocean_menu_link_color_active":"","ocean_menu_link_background":"","ocean_menu_link_hover_background":"","ocean_menu_link_active_background":"","ocean_menu_social_links_bg":"","ocean_menu_social_hover_links_bg":"","ocean_menu_social_links_color":"","ocean_menu_social_hover_links_color":"","ocean_disable_title":"on","ocean_disable_heading":"default","ocean_post_title":"","ocean_post_subheading":"","ocean_post_title_style":"","ocean_post_title_background_color":"","ocean_post_title_background":0,"ocean_post_title_bg_image_position":"","ocean_post_title_bg_image_attachment":"","ocean_post_title_bg_image_repeat":"","ocean_post_title_bg_image_size":"","ocean_post_title_height":0,"ocean_post_title_bg_overlay":0.5,"ocean_post_title_bg_overlay_color":"","ocean_disable_breadcrumbs":"default","ocean_breadcrumbs_color":"","ocean_breadcrumbs_separator_color":"","ocean_breadcrumbs_links_color":"","ocean_breadcrumbs_links_hover_color":"","ocean_display_footer_widgets":"on","ocean_display_footer_bottom":"on","ocean_custom_footer_template":"0","footnotes":""},"class_list":["post-927","page","type-page","status-publish","hentry","entry"],"_links":{"self":[{"href":"http:\/\/www.mvbreitenau.at\/v2\/index.php?rest_route=\/wp\/v2\/pages\/927","targetHints":{"allow":["GET"]}}],"collection":[{"href":"http:\/\/www.mvbreitenau.at\/v2\/index.php?rest_route=\/wp\/v2\/pages"}],"about":[{"href":"http:\/\/www.mvbreitenau.at\/v2\/index.php?rest_route=\/wp\/v2\/types\/page"}],"author":[{"embeddable":true,"href":"http:\/\/www.mvbreitenau.at\/v2\/index.php?rest_route=\/wp\/v2\/users\/1"}],"replies":[{"embeddable":true,"href":"http:\/\/www.mvbreitenau.at\/v2\/index.php?rest_route=%2Fwp%2Fv2%2Fcomments&post=927"}],"version-history":[{"count":94,"href":"http:\/\/www.mvbreitenau.at\/v2\/index.php?rest_route=\/wp\/v2\/pages\/927\/revisions"}],"predecessor-version":[{"id":2024,"href":"http:\/\/www.mvbreitenau.at\/v2\/index.php?rest_route=\/wp\/v2\/pages\/927\/revisions\/2024"}],"wp:attachment":[{"href":"http:\/\/www.mvbreitenau.at\/v2\/index.php?rest_route=%2Fwp%2Fv2%2Fmedia&parent=927"}],"curies":[{"name":"wp","href":"https:\/\/api.w.org\/{rel}","templated":true}]}}